{"id":4802,"date":"2020-08-28T10:24:26","date_gmt":"2020-08-28T14:24:26","guid":{"rendered":"https:\/\/yvesgingras.uqam.ca\/?page_id=4802"},"modified":"2021-03-03T10:20:50","modified_gmt":"2021-03-03T15:20:50","slug":"supervision","status":"publish","type":"page","link":"https:\/\/yvesgingras.uqam.ca\/en\/activities\/supervision\/","title":{"rendered":"Supervision"},"content":{"rendered":"\n<h4 class=\"wp-block-heading\">Chercheurs postdoctoraux<\/h4>\n\n\n\n<p>Alexandre Truc, \u00ab&nbsp;Analyser et quantifier l\u2019\u00e9volution de l\u2019interdisciplinarit\u00e9 et de la fragmentation en \u00e9conomie&nbsp;\u00bb, en codirection avec Fran\u00e7ois Claveau, 2020.<\/p>\n\n\n\n<p>Julien Larregue, \u00ab&nbsp;Les formes contemporaines du conflit entre sciences et religions&nbsp;\u00bb, Chaire de recherche du Canada en histoire et sociologie des sciences, Universit\u00e9 du Qu\u00e9bec \u00e0 Montr\u00e9al, 2017-2019.<\/p>\n\n\n\n<p>Olivier B\u00e9gin-Caouette, \u00ab&nbsp;La production de recherche universitaire au Qu\u00e9bec et au Canada&nbsp;\u00bb, Chaire de recherche du Canada en histoire et sociologie des sciences, Universit\u00e9 du Qu\u00e9bec \u00e0 Montr\u00e9al, 2017-2019. <\/p>\n\n\n\n<p>Louis Vervoort, \u00ab&nbsp;L\u2019\u00e9tude des analogies formelles en physique&nbsp;: les manifestations quantiques de gouttes de fluides classiques&nbsp;\u00bb, Chaire de recherche du Canada en histoire et sociologie des sciences, Universit\u00e9 du Qu\u00e9bec \u00e0 Montr\u00e9al, 2014-2015.<\/p>\n\n\n\n<p>Fran\u00e7ois Claveau, \u00ab&nbsp;\u00c9tude de la m\u00e9canique de g\u00e9n\u00e9ration des croyances causales dans la communaut\u00e9 de chercheurs travaillant sur les causes du ch\u00f4mage&nbsp;\u00bb, Chaire de recherche du Canada en histoire et sociologie des sciences, Universit\u00e9 du Qu\u00e9bec \u00e0 Montr\u00e9al, 2013-2015 (Boursier CRSH) <\/p>\n\n\n\n<p>Marc Bertin, \u00ab&nbsp;La construction de donn\u00e9es num\u00e9riques et d&#8217;analyse automatique des contextes de citations \u00bb, Chaire de recherche du Canada en histoire et sociologie des sciences, Universit\u00e9 du Qu\u00e9bec \u00e0 Montr\u00e9al, 2012-2014. <\/p>\n\n\n\n<p>Julien Prud\u2019Homme, \u00ab&nbsp;Analyse quantitative et qualitative des pratiques de recherche interdisciplinaire au Cemagref&nbsp;\u00bb, Cemagref et Chaire de recherche du Canada en histoire et sociologie des sciences, Universit\u00e9 du Qu\u00e9bec \u00e0 Montr\u00e9al, 2010-2011 (codirecteur&nbsp;: Daniel Terrasson).<\/p>\n\n\n\n<p>Christophe Schinckus, \u00ab&nbsp;L&#8217;\u00e9pist\u00e9mologie de l&#8217;\u00e9conomie financi\u00e8re. Diversification des savoirs&nbsp;\u00bb, Universit\u00e9 TELUQ et Universit\u00e9 du Qu\u00e9bec \u00e0 Montr\u00e9al, 2009-2010. <\/p>\n\n\n\n<p>S\u00e9bastien Mosbah-Natanson, \u00ab&nbsp;Les sciences sociales en Europe et la circulation internationale des id\u00e9es&nbsp;\u00bb, Chaire de recherche du Canada en histoire et sociologie des sciences, Universit\u00e9 du Qu\u00e9bec \u00e0 Montr\u00e9al, 2008-2010.<\/p>\n\n\n\n<p>Jean-Louis Trudel, \u00ab&nbsp;Relations entre le milieu de la recherche et les citoyens&nbsp;\u00bb, Chaire de recherche du Canada en histoire et sociologie des sciences, Universit\u00e9 du Qu\u00e9bec \u00e0 Montr\u00e9al, 2008-2009.<\/p>\n\n\n\n<p>Alexandre Guay, \u00ab&nbsp;L\u2019usage de l\u2019analogie dans les premiers si\u00e8cles de la science moderne&nbsp;\u00bb, Chaire de recherche du Canada en histoire et sociologie des sciences, Universit\u00e9 du Qu\u00e9bec \u00e0 Montr\u00e9al, 2007-2008. <\/p>\n\n\n\n<p>J\u00e9r\u00f4me Lamy, \u00ab&nbsp;Analyse des liens entre les observatoires astronomiques et les Facult\u00e9s des sciences en France au 19e si\u00e8cle&nbsp;\u00bb, Chaire de recherche du Canada en histoire et sociologie des sciences, Universit\u00e9 du Qu\u00e9bec \u00e0 Montr\u00e9al, 2006. <\/p>\n\n\n\n<p>Vincent Bontems, \u00ab&nbsp;Analyse bibliom\u00e9trique de la r\u00e9ception de la th\u00e9orie de la relativit\u00e9 d&#8217;\u00e9chelle de Laurent Nottale&nbsp;\u00bb, Chaire de recherche du Canada en histoire et sociologie des sciences, Universit\u00e9 du Qu\u00e9bec \u00e0 Montr\u00e9al, 2006. <\/p>\n\n\n\n<p>Mathieu Albert, \u00ab&nbsp;La transformation de la production de connaissances en sociologie et en sciences \u00e9conomique dans l\u2019\u00e9conomie du savoir. Transformation des organismes subventionnaires dans l\u2019\u00e9conomie du savoir&nbsp;\u00bb, CIRST, Universit\u00e9 du Qu\u00e9bec \u00e0 Montr\u00e9al, 1999. <\/p>\n\n\n\n<p><\/p>\n\n\n\n<h2 class=\"wp-block-heading\">Direction de th\u00e8ses et m\u00e9moires<\/h2>\n\n\n\n<h4 class=\"wp-block-heading\">\u00c9tudiants actuels au doctorat et \u00e0 la ma\u00eetrise<\/h4>\n\n\n\n<p>Johan Giry, \u00ab&nbsp;Comparaison des transformations des champs de la sociologie fran\u00e7ais et qu\u00e9b\u00e9cois face \u00e0 l\u2019\u00e9volution des politiques scientifiques&nbsp;\u00bb, Doctorat en science politique, Universit\u00e9 de Strasbourg et Doctorat en Science, technologie et soci\u00e9t\u00e9, Universit\u00e9 du Qu\u00e9bec \u00e0 Montr\u00e9al (codirection avec Jean-Philippe Heurtin).<\/p>\n\n\n\n<p>Sarah Meunier, \u00ab&nbsp;Circulation des savoirs en sciences humaines, sociales et technologiques&nbsp;: le cas des \u00e9tudes sur le jeu vid\u00e9o&nbsp;\u00bb, Doctorat en sociologie, Universit\u00e9 Toulouse 2<br>Jean Jaur\u00e8s (codirection avec B\u00e9atrice Milard).<\/p>\n\n\n\n<p>William Wannyn, \u00ab&nbsp;Neurodroit, neurocriminologie, neuro\u00e9ducation&nbsp;: enjeux sociologiques des controverses entourant l&#8217;utilisation des neurosciences dans la recherche en sciences sociales&nbsp;\u00bb, Doctorat en sociologie, Universit\u00e9 de Montr\u00e9al (codirection&nbsp;: Nicolas Sall\u00e9e).<\/p>\n\n\n\n<p>Andrew I. Oakes, On the Founding of Canadian Professional Astronomy \u2013 Clarence Chant, Doctorat en histoire des sciences, Universit\u00e9 de Toronto (codirection : Craig Fraser et Cheng-Pang Yeang).<\/p>\n\n\n\n<p>Rapha\u00ebl Pelletier, \u00ab&nbsp;Analyse sociologique de l\u2019\u00e9volution de la g\u00e9ographie savante au Qu\u00e9bec et au Canada depuis l\u2019apr\u00e8s-guerre&nbsp;\u00bb, Doctorat en Science, technologie et soci\u00e9t\u00e9, Universit\u00e9 du Qu\u00e9bec \u00e0 Montr\u00e9al.<\/p>\n\n\n\n<p>Florence Lussier-Lejeune, \u00ab&nbsp;L\u2019\u00e9conomie des promesses technoscientifiques : le cas de l\u2019intelligence artificielle&nbsp;\u00bb, Doctorat en Science, technologie et soci\u00e9t\u00e9, Universit\u00e9 du Qu\u00e9bec \u00e0 Montr\u00e9al (codirection&nbsp;: Marie-Jean Meurs)<\/p>\n\n\n\n<p>Maxime Colleret, \u00ab&nbsp;L&#8217;institutionnalisation du brevetage dans les universit\u00e9s canadiennes&nbsp;\u00bb, Doctorat en Science, technologie et soci\u00e9t\u00e9, Universit\u00e9 du Qu\u00e9bec \u00e0 Montr\u00e9al.<\/p>\n\n\n\n<p>Myriam Ahnich, \u00ab Les controverses scientifiques dans le domaine de l\u2019autisme : une socio-histoire des luttes pour la d\u00e9finition et la reconnaissance d\u2019un handicap \u00bb, Doctorat en Science politique, Universit\u00e9 Paris X, dans le cadre de l\u2019\u00c9cole Doctorale Droit et Science politique (Nanterre).<\/p>\n\n\n\n<p>Khalil Laaboudi, \u00ab&nbsp;G\u00e9n\u00e9alogie de la 5G et strat\u00e9gies de d\u00e9veloppement industriel&nbsp;\u00bb, Doctorat en Science, technologie et soci\u00e9t\u00e9, Universit\u00e9 du Qu\u00e9bec \u00e0 Montr\u00e9al.<\/p>\n\n\n\n<h4 class=\"wp-block-heading\">\u00c9tudiants dipl\u00f4m\u00e9s au doctorat<\/h4>\n\n\n\n<p>Pierre-Luc Beauchamp, \u00ab&nbsp;L\u2019\u00e9valuation par les pairs et l\u2019\u00e9volution des revues de biologie au Qu\u00e9bec&nbsp;\u00bb, Doctorat en Science, technologie et soci\u00e9t\u00e9, Universit\u00e9 du Qu\u00e9bec \u00e0 Montr\u00e9al, (codirection&nbsp;: Robert Gagnon), 2020. Occupation actuelle&nbsp;: Enseignant au Coll\u00e8ge Lasalle.<\/p>\n\n\n\n<p>S\u00e9bastien Lanct\u00f4t, \u00ab Les assurances \u00e0 l\u2019\u00e9preuve des nouveaux risques : le cas des nanoparticules de dioxyde de titane dans l\u2019alimentation au Canada et en France \u00bb, Doctorat en Science, technologie et soci\u00e9t\u00e9, Universit\u00e9 du Qu\u00e9bec \u00e0 Montr\u00e9al et \u00e0 l\u2019Universit\u00e9 Paris Descartes, (codriection : Soraya Boudia), 2019.<\/p>\n\n\n\n<p>Mahdi Khelfaoui, \u00ab Les r\u00e9acteurs nucl\u00e9aires MAPLE et la production d&#8217;isotopes m\u00e9dicaux au Canada \u00bb, Doctorat en Science, technologie et soci\u00e9t\u00e9, Universit\u00e9 du Qu\u00e9bec \u00e0 Montr\u00e9al, 2018<br>Occupation actuelle&nbsp;: Postdoctorant, Universit\u00e9 d\u2019Ottawa.<\/p>\n\n\n\n<p>L\u00e9o Mignot, \u00ab&nbsp;Histoire de la radiologie interventionnelle&nbsp;\u00bb, Doctorat en sociologie, Universit\u00e9 Montesquieu Bordeaux IV (codirection avec Pascal Ragouet), 2017. Occupation acutelle&nbsp;: Attach\u00e9 temporaire d&#8217;enseignement et de recherche chez Universit\u00e9 de Bordeaux.<\/p>\n\n\n\n<p>Yann Renisio, \u00ab&nbsp;Offre de financements et pratiques de la recherche en SHS&nbsp;\u00bb, Doctorat en sociologie, \u00c9cole des hautes \u00e9tudes en sciences sociales et Universit\u00e9 du Qu\u00e9bec \u00e0 Montr\u00e9al (codirection&nbsp;: \u00c9ric Brian), 2017. Occupation actuelle&nbsp;: Postdoctorant, Centre Maurice-Halbwachs.<\/p>\n\n\n\n<p>Julien Landry, \u00ab&nbsp;Politique et expertise&nbsp;: les think tanks au Canada. \u00bb, Doctorat en Science, technologie et soci\u00e9t\u00e9, Universit\u00e9 du Qu\u00e9bec \u00e0 Montr\u00e9al, 2017. Occupation actuelle&nbsp;: Postdoctorant \u00e0 l\u2019University of Alberta.<\/p>\n\n\n\n<p>Sandoval Romero, Vanessa, \u00ab&nbsp;Politiques scientifiques et d\u2019innovation du Canada et du Mexique&nbsp;\u00bb, Doctorat en Science, technologie et soci\u00e9t\u00e9, Universit\u00e9 du Qu\u00e9bec \u00e0 Montr\u00e9al (codirection&nbsp;: Jorge Niosi), 2017. Occupation actuelle&nbsp;: Professeure \u00e0 l\u2019Acad\u00e9mica de Tiempo Completo, Universidad Iberoamericana.<\/p>\n\n\n\n<p>Alain Couillard, \u00ab&nbsp;Histoire de la radiologie au Canada&nbsp;\u00bb, Doctorat en histoire, Universit\u00e9 du Qu\u00e9bec \u00e0 Montr\u00e9al, 2015. Occupation actuelle&nbsp;: Agente de d\u00e9veloppement \u00e9conomique pour le gouvernement du Qu\u00e9bec.<\/p>\n\n\n\n<p>Pauline Huet, \u00ab&nbsp;\u00c9mergence et structuration de l\u2019\u00e9conomie des changements climatiques (1975-2013). Analyse socio-historique d\u2019un nouveau domaine de recherche&nbsp;\u00bb, Doctorat en Science, technologie et soci\u00e9t\u00e9, Universit\u00e9 du Qu\u00e9bec \u00e0 Montr\u00e9al, et doctorat en sociologie, EHESS, 2015. (codirection&nbsp;: Jean-Charles Hourcade). Occupation actuelle&nbsp;: Conseill\u00e8re, MITACS.<\/p>\n\n\n\n<p>Matthew Wallace, \u00ab&nbsp;Gouverner le climat&nbsp;: les sciences de l\u2019atmosph\u00e8re au Canada&nbsp;\u00bb, Doctorat en histoire, Universit\u00e9 du Qu\u00e9bec \u00e0 Montr\u00e9al, 2013. (codirection&nbsp;&nbsp;: St\u00e9phane Castonguay)<br>Occupation actuelle&nbsp;&nbsp;: Responsable principal des programmes au Centre de recherches pour le d\u00e9veloppement international.<\/p>\n\n\n\n<p>Michelle Hoffman, \u00ab&nbsp;History of Canadian secondary school science education&nbsp;\u00bb, Doctorat en histoire, Universit\u00e9 de Toronto (codirecteur&nbsp;: Chen-Pang Yeang), 2012.<\/p>\n\n\n\n<p>Claude Julie Bourque, \u00ab&nbsp;La formation des chercheurs au deuxi\u00e8me et au troisi\u00e8me cycle sous le label \u00ab&nbsp;biotechnologies&nbsp;\u00bb (sciences, g\u00e9nie, sant\u00e9)&nbsp;\u00bb, Doctorat en \u00e9ducation, Universit\u00e9 de Sherbrooke, 2011 (codirecteur&nbsp;: Sylvain Bourdon). Occupation actuelle&nbsp;: Coordonnatrice scientifique, Unit\u00e9 en \u00e9thique clinique et partenariat famille, Centre de psycho-oncologie du CHU Sainte-Justine.<\/p>\n\n\n\n<p>Patricia Liu, \u00ab&nbsp;The reception of prion theory&nbsp;\u00bb, Doctorat en histoire, Universit\u00e9 de Toronto, 2011 (codirectrice&nbsp;: Pauline Mazumdar).<\/p>\n\n\n\n<p>M\u00e9lanie Desmeules, \u00ab&nbsp;Pratiques scientifiques et r\u00e9seaux des scientifiques canadiens-fran\u00e7ais et anglophones du Qu\u00e9bec, 1852-1920&nbsp;\u00bb, Doctorat en histoire, Universit\u00e9 Laval, 2011 (codirecteur&nbsp;: Martin P\u00e2quet).<\/p>\n\n\n\n<p>Vincent Larivi\u00e8re, \u00ab&nbsp;L&#8217;apport des \u00e9tudiants des cycles sup\u00e9rieurs \u00e0 l&#8217;avancement des connaissances&nbsp;\u00bb, Ph.D. Information Studies, McGill University, 2010 (codirecteur&nbsp;: Jamshid Beheshti). Occupation actuelle&nbsp;: Professeur \u00e0 l\u2019Universit\u00e9 de Montr\u00e9al et titulaire d\u2019une CRC.<\/p>\n\n\n\n<p>Brigitte Gemme, \u00ab&nbsp;The Outside Within: Heteronomy in the Training of Forest Researchers&nbsp;\u00bb, Ph.D. Sociology of Education, University of British Columbia, 2009 (codirecteur&nbsp;: Donald Fisher).<br>Occupation actuelle&nbsp;: Planificatrice en capacit\u00e9 d&#8217;innovation au CNRC-Institut d&#8217;innovation en piles \u00e0 combustible.<\/p>\n\n\n\n<p>Mike Almeida, \u00ab&nbsp;Le d\u00e9veloppement des centres de recherche au sein des universit\u00e9s, 1900-2000&nbsp;\u00bb, Doctorat en histoire, Universit\u00e9 du Qu\u00e9bec \u00e0 Montr\u00e9al, 2009. Occupation actuelle&nbsp;: Agente de d\u00e9veloppement \u00e9conomique pour le gouvernement du Qu\u00e9bec.<\/p>\n\n\n\n<p>\u00c9lisabeth Gauthier, \u00ab&nbsp;La dynamique du d\u00e9bat sur l\u2019irradiation des aliments&nbsp;\u00bb, Doctorat en sociologie, Universit\u00e9 du Qu\u00e9bec \u00e0 Montr\u00e9al, 2008. Occupation actuelle&nbsp;: Gestionnaire, Transfert de connaissances et gestion de l&#8217;information chez Ressources naturelles Canada.<\/p>\n\n\n\n<p>Julien Prud\u2019Homme, \u00ab&nbsp;Histoire des pratiques de diagnostic dans le domaine param\u00e9dical au Qu\u00e9bec, 1940-2000&nbsp;\u00bb, Doctorat en histoire, Universit\u00e9 du Qu\u00e9bec \u00e0 Montr\u00e9al, 2008 (codirecteur&nbsp;: Robert Gagnon). Occupation actuelle&nbsp;: Professeur \u00e0 l\u2019Universit\u00e9 du Qu\u00e9bec \u00e0 Trois-Rivi\u00e8res.<\/p>\n\n\n\n<p>Jonathan Fournier, \u00ab&nbsp;Le d\u00e9veloppement de la science \u00e9conomique au Canada fran\u00e7ais de 1939-1973&nbsp;\u00bb, Doctorat en histoire, Universit\u00e9 du Qu\u00e9bec \u00e0 Montr\u00e9al, 2007 (codirecteur&nbsp;: Gilles Dostaler).<\/p>\n\n\n\n<p>Caroline Boily, \u00ab&nbsp;Les usages scolaires des technologies de communication&nbsp;: le cin\u00e9ma, la radio et la t\u00e9l\u00e9vision \u00e0 la CECM, 1920-1970&nbsp;\u00bb, Doctorat en histoire, Universit\u00e9 du Qu\u00e9bec \u00e0 Montr\u00e9al, 2006 (codirecteur&nbsp;: Robert Gagnon). Occupation actuelle&nbsp;: Agente de recherche, Universit\u00e9 du Qu\u00e9bec \u00e0 Trois-Rivi\u00e8res.<\/p>\n\n\n\n<p>Matthew Lucas, \u00ab&nbsp;University-Industry relations at University of Toronto&nbsp;\u00bb, Ph.D., IHSPS, University of Toronto, 2004 (comit\u00e9&nbsp;: Yves Gingras, David Wolfe, Sungook Hong, Janis Langins). Occupation actuelle&nbsp;: Professionnel, Environnement Canada.<\/p>\n\n\n\n<p>Jean-Fran\u00e7ois Auger, \u00ab&nbsp;Du laboratoire \u00e0 l&#8217;usine. Les recherches universitaires en g\u00e9nie et l&#8217;industrie canadienne&nbsp;\u00bb, Doctorat en histoire, Universit\u00e9 du Qu\u00e9bec \u00e0 Montr\u00e9al, 2004 (codirecteur&nbsp;: Robert Gagnon). Occupation actuelle&nbsp;: professeur, Technische Universiteit Delft, Pays-Bas.<\/p>\n\n\n\n<p>Julien Goyette, \u00ab&nbsp;Le prix de l\u2019ind\u00e9finie libert\u00e9&nbsp;: Fernand Dumont et l\u2019histoire (1927-1997)&nbsp;\u00bb, Doctorat en histoire, Universit\u00e9 du Qu\u00e9bec \u00e0 Montr\u00e9al, 2004 (codirecteur&nbsp;: Gilles Bourque).<br>Occupation actuelle&nbsp;: Professeur au d\u00e9partement des lettres et humanit\u00e9s, Universit\u00e9 du Qu\u00e9bec \u00e0 Rimouski.<\/p>\n\n\n\n<p>Patrick Guillemet, \u00ab&nbsp;L&#8217;institutionnalisation de la formation \u00e0 distance au Qu\u00e9bec&nbsp;: le cas de la T\u00e9l\u00e9-universit\u00e9&nbsp;\u00bb Doctorat en sociologie, Universit\u00e9 de Montr\u00e9al, 2004 (codirecteur&nbsp;: Camille Legendre).<br>Occupation actuelle&nbsp;: Professionnel \u00e0 l\u2019Universit\u00e9 TELUQ.<\/p>\n\n\n\n<p>Caroline Dufour, \u00ab&nbsp;\u00c9mergence, institutionnalisation et identit\u00e9 du management public en milieu universitaire&nbsp;\u00bb, Ph.D. Science politique, Universit\u00e9 de Montr\u00e9al, 2003 (codirecteur&nbsp;: Ian Gow).<br>Occupation actuelle&nbsp;: Professeure \u00e0 la School of Public Policy and Administration, York University.<\/p>\n\n\n\n<p>Nicolas Marchand, \u00ab&nbsp;Entre praticiens et chercheurs&nbsp;: une histoire des psychologues au Canada (1939-1971)&nbsp;\u00bb, Doctorat en histoire, Universit\u00e9 du Qu\u00e9bec \u00e0 Montr\u00e9al, 2002 (codirecteur&nbsp;: Camille Limoges). Occupation actuelle&nbsp;: Cadre \u00e0 l\u2019Universit\u00e9 du Qu\u00e9bec \u00e0 Montr\u00e9al.<\/p>\n\n\n\n<p>H\u00e9l\u00e8ne Sabourin, \u00ab&nbsp;P.-J.-O. Chauveau et l\u2019\u00e9ducation, 1855-1873&nbsp;: une relecture&nbsp;\u00bb, Doctorat en histoire, Universit\u00e9 du Qu\u00e9bec \u00e0 Montr\u00e9al, 2000 (codirecteur&nbsp;: Fernande Roy). Occupation actuelle&nbsp;: journaliste retrait\u00e9e.<\/p>\n\n\n\n<p>Pierrick Malissard, \u00ab&nbsp;Quand les universitaires se font entrepreneurs, Les laboratoires Connaught et l\u2019Institut de microbiologie et d\u2019hygi\u00e8ne de l\u2019Universit\u00e9 de Montr\u00e9al, 1914-1972&nbsp;\u00bb, Doctorat en histoire, Universit\u00e9 du Qu\u00e9bec \u00e0 Montr\u00e9al, 1999 (codirecteur&nbsp;: Camille Limoges). Occupation actuelle&nbsp;: Agent de recherche et planification, Universit\u00e9 du Qu\u00e9bec \u00e0 Montr\u00e9al.<\/p>\n\n\n\n<p>Richard Pitre, \u00ab&nbsp;La notion de culture scientifique&nbsp;\u00bb, Ph.D. Communications, Universit\u00e9 du Qu\u00e9bec \u00e0 Montr\u00e9al, 1996 (codirecteur&nbsp;: Bernard Schiele). Occupation actuelle&nbsp;: Professionnel \u00e0 la T\u00c9LUQ.<\/p>\n\n\n\n<p>Robert Gagnon, \u00ab&nbsp;Les ing\u00e9nieurs canadiens-fran\u00e7ais entre 1870 et 1960&nbsp;: g\u00e9n\u00e9alogie d&#8217;un groupe social&nbsp;\u00bb, Doctorat en sociologie, Universit\u00e9 de Montr\u00e9al, 1990 (codirecteur&nbsp;: Marcel Fournier).<br>Occupation actuelle&nbsp;: Professeur au d\u00e9partement d\u2019histoire, Universit\u00e9 du Qu\u00e9bec \u00e0 Montr\u00e9al.<\/p>\n\n\n\n<p>Michel Tr\u00e9panier, \u00ab&nbsp;La construction du tokamak de Varennes&nbsp;: anatomie d&#8217;une d\u00e9cision en mati\u00e8re de &#8220;big science&#8221;&nbsp;\u00bb, Doctorat en sociologie, Universit\u00e9 de Montr\u00e9al, 1990 (codirecteur&nbsp;: Marcel Fournier). Occupation actuelle&nbsp;: Professeur \u00e0 l\u2019INRS \u2013 Urbanisation, culture et soci\u00e9t\u00e9.<\/p>\n\n\n\n<h4 class=\"wp-block-heading\">\u00c9tudiants dipl\u00f4m\u00e9s \u00e0 la ma\u00eetrise<\/h4>\n\n\n\n<p>Maxime Colleret, \u00ab&nbsp;La fonction sociale de l\u2019universit\u00e9 selon le patronat qu\u00e9b\u00e9cois, 1949-2012&nbsp;\u00bb, Ma\u00eetrise en histoire, Universit\u00e9 du Qu\u00e9bec \u00e0 Montr\u00e9al, 2020 (codirection&nbsp;: St\u00e9phane Savard).<\/p>\n\n\n\n<p>William Wannyn, \u00ab&nbsp;Le marketing du neuromarketing&nbsp;: Analyse sociologique de l\u2019int\u00e9gration des savoirs et des techniques neuroscientifiques \u00e0 la recherche scientifique sur le conseommateur&nbsp;\u00bb, Ma\u00eetrise en sociologie, Universit\u00e9 de Montr\u00e9al, 2016 (codirecteur&nbsp;: Nicolas Sall\u00e9e).<\/p>\n\n\n\n<p>H\u00e9l\u00e9na Sliwinska, \u00ab&nbsp;Le formalisme interpr\u00e9tatif de Alfred Land\u00e9 et sa r\u00e9ception&nbsp;\u00bb, Master en Science, technologie et soci\u00e9t\u00e9 sous la direction de Mathias Dorr\u00efes, Universit\u00e9 de Strasbourg, 2016.<\/p>\n\n\n\n<p>Philippe Mirabel, \u00ab&nbsp;L\u2019institutionnalisation de la recherche en sciences informatiques, 1960\u20112000&nbsp;\u00bb, Ma\u00eetrise en sociologie, Universit\u00e9 du Qu\u00e9bec \u00e0 Montr\u00e9al, 2012.<\/p>\n\n\n\n<p>Mahdi Khelfaoui, \u00ab&nbsp;Histoire de la centrale nucl\u00e9aire Gentilly 1&nbsp;\u00bb, Ma\u00eetrise en Science, technologie et soci\u00e9t\u00e9, Universit\u00e9 du Qu\u00e9bec \u00e0 Montr\u00e9al, 2012.<\/p>\n\n\n\n<p>Guillaume Girard, \u00ab&nbsp;Analyse du d\u00e9bat autour de l&#8217;existence du vide dans l&#8217;Antiquit\u00e9 grecque&nbsp;\u00bb, Ma\u00eetrise en histoire, Universit\u00e9 du Qu\u00e9bec \u00e0 Montr\u00e9al, 2010. (codirectrice&nbsp;: Janick Auberger).<\/p>\n\n\n\n<p>Alain Couillard, \u00ab&nbsp;Les manuels de physique au 19e si\u00e8cle au Qu\u00e9bec&nbsp;\u00bb, Ma\u00eetrise en histoire, Universit\u00e9 du Qu\u00e9bec \u00e0 Montr\u00e9al, 2008.<\/p>\n\n\n\n<p>Pierre-Marc Gosselin, \u00ab&nbsp;L\u2019\u00e9mergence de la notion de conflit d\u2019int\u00e9r\u00eats en sciences&nbsp;\u00bb, Ma\u00eetrise en histoire, Universit\u00e9 du Qu\u00e9bec \u00e0 Montr\u00e9al, 2006.<\/p>\n\n\n\n<p>Vincent Larivi\u00e8re, \u00ab&nbsp;L\u2019astrophysique au Qu\u00e9bec, depuis 1945&nbsp;: \u00e9mergence, consolidation et internationalisation d\u2019une communaut\u00e9 p\u00e9riph\u00e9rique&nbsp;\u00bb, Ma\u00eetrise en histoire, Universit\u00e9 du Qu\u00e9bec \u00e0 Montr\u00e9al, 2005.<\/p>\n\n\n\n<p>Philippe Daigle, \u00ab&nbsp;Une crise environnementale en Am\u00e9rique du Nord&nbsp;: le cas de la moule z\u00e9br\u00e9e en Am\u00e9rique du Nord&nbsp;\u00bb, M.Sc. Environnement, Universit\u00e9 du Qu\u00e9bec \u00e0 Montr\u00e9al, 2004 (codirecteur&nbsp;: Jan Sapp).<\/p>\n\n\n\n<p>V\u00e9ronique L\u00e9pine, \u00ab&nbsp;La r\u00e9ception de la physique de Newton dans les revues scientifiques et litt\u00e9raires du 18e si\u00e8cle&nbsp;\u00bb, Ma\u00eetrise en histoire, Universit\u00e9 du Qu\u00e9bec \u00e0 Montr\u00e9al, 2004.<\/p>\n\n\n\n<p>\u00c9ric David, \u00ab&nbsp;Le clerg\u00e9 catholique canadien-fran\u00e7ais et la th\u00e9orie de l&#8217;\u00e9volution (1860-1950)&nbsp;\u00bb, Ma\u00eetrise en histoire, Universit\u00e9 du Qu\u00e9bec \u00e0 Montr\u00e9al, 2003 (codirecteur&nbsp;: Jan Sapp).<\/p>\n\n\n\n<p>Lionel V\u00e9crin, \u00ab&nbsp;La naissance d\u2019une triple h\u00e9lice&nbsp;: le programme des actions concert\u00e9es du Fonds qu\u00e9b\u00e9cois de recherche sur la nature et la technologie&nbsp;\u00bb, Ma\u00eetrise en sociologie, Universit\u00e9 du Qu\u00e9bec \u00e0 Montr\u00e9al, 2003 (codirecteur&nbsp;: Pierre Doray).<\/p>\n\n\n\n<p>Mike Almeida, \u00ab&nbsp;L\u2019Office provincial des recherches scientifiques et son impact sur le d\u00e9veloppement de la recherche au Qu\u00e9bec (1937-1961)&nbsp;\u00bb, Ma\u00eetrise en histoire, Universit\u00e9 du Qu\u00e9bec \u00e0 Montr\u00e9al, 2002.<\/p>\n\n\n\n<p>Julie Sarault, \u00ab&nbsp;La mise en place des structures de la recherche universitaire. La Facult\u00e9 des sciences de l\u2019Universit\u00e9 de Montr\u00e9al, 1920-1940&nbsp;\u00bb, Ma\u00eetrise en histoire, Universit\u00e9 du Qu\u00e9bec \u00e0 Montr\u00e9al, 2000.<\/p>\n\n\n\n<p>Caroline Boily, \u00ab&nbsp;La place et conception de la discipline historique dans l\u2019enseignement secondaire qu\u00e9b\u00e9cois&nbsp;: analyse du d\u00e9bat actuel&nbsp;\u00bb, Ma\u00eetrise en sociologie, Universit\u00e9 du Qu\u00e9bec \u00e0 Montr\u00e9al, 1998 (codirecteur&nbsp;: Pierre Doray).<\/p>\n\n\n\n<p>Daniel Roberge, \u00ab&nbsp;Le traitement de la question nationale qu\u00e9b\u00e9coise par les historiens et les sociologues, 1960-1990&nbsp;\u00bb, Ma\u00eetrise en histoire, Universit\u00e9 du Qu\u00e9bec \u00e0 Montr\u00e9al, 1998 (codirecteur&nbsp;: Robert Comeau).<\/p>\n\n\n\n<p>Ga\u00e9tan Vall\u00e9e, \u00ab&nbsp;L&#8217;av\u00e8nement des programmes par objectifs de l&#8217;enseignement primaire et secondaire au Qu\u00e9bec&nbsp;\u00bb, Ma\u00eetrise en histoire, Universit\u00e9 du Qu\u00e9bec \u00e0 Montr\u00e9al, 1997 (codirecteur&nbsp;: Jean-Paul Bernard).<\/p>\n\n\n\n<p>Beno\u00eet Longpr\u00e9, \u00ab&nbsp;Influence de la controverse publique sur l&#8217;activit\u00e9 scientifique&nbsp;: le cas des pommes trait\u00e9es au Alar (Daminozide)&nbsp;\u00bb, M.Sc. Environnement, Universit\u00e9 du Qu\u00e9bec \u00e0 Montr\u00e9al, 1994 (codirecteur&nbsp;: Armel Boutard).<\/p>\n\n\n\n<p>Martine Foisy, \u00ab&nbsp;La formation et l&#8217;\u00e9volution de la discipline math\u00e9matique au Qu\u00e9bec, 1945-1984&nbsp;\u00bb, Ma\u00eetrise en histoire, Universit\u00e9 du Qu\u00e9bec \u00e0 Montr\u00e9al, 1994.<\/p>\n\n\n\n<p>R\u00e9jean Lampron, \u00ab&nbsp;\u00c0 la recherche du positivisme&nbsp;: l&#8217;histoire politique dans la <em>Revue historique<\/em> et dans les <em>Annales, \u00c9conomies, Soci\u00e9t\u00e9s, Civilisations<\/em>&nbsp;: une \u00e9tude quantitative (1929-1944)&nbsp;\u00bb, Ma\u00eetrise en histoire, Universit\u00e9 du Qu\u00e9bec \u00e0 Montr\u00e9al, 1994 (codirecteur&nbsp;: Michel Grenon).<\/p>\n\n\n\n<p>Alain Rajotte, \u00ab&nbsp;La construction sociale d&#8217;une norme quantitative d&#8217;air frais pour la ventilation des \u00e9difices&nbsp;\u00bb, Ma\u00eetrise en sociologie, Universit\u00e9 du Qu\u00e9bec \u00e0 Montr\u00e9al, 1993 (codirecteur&nbsp;: Pierre Doray).<\/p>\n","protected":false},"excerpt":{"rendered":"<p>Chercheurs postdoctoraux Alexandre Truc, \u00ab&nbsp;Analyser et quantifier l\u2019\u00e9volution de l\u2019interdisciplinarit\u00e9 et de la fragmentation en \u00e9conomie&nbsp;\u00bb, en codirection avec Fran\u00e7ois Claveau, 2020. Julien Larregue, \u00ab&nbsp;Les formes contemporaines du conflit entre sciences et religions&nbsp;\u00bb, Chaire de recherche du Canada en histoire et sociologie des sciences, Universit\u00e9 du Qu\u00e9bec \u00e0 Montr\u00e9al, 2017-2019. Olivier B\u00e9gin-Caouette, \u00ab&nbsp;La production de [&hellip;]<\/p>\n","protected":false},"author":596,"featured_media":0,"parent":1195,"menu_order":1,"comment_status":"closed","ping_status":"closed","template":"","meta":{"_editorskit_title_hidden":false,"_editorskit_reading_time":0,"_editorskit_is_block_options_detached":false,"_editorskit_block_options_position":"{}","footnotes":""},"class_list":["post-4802","page","type-page","status-publish","hentry"],"yoast_head":"<!-- This site is optimized with the Yoast SEO plugin v27.4 - https:\/\/yoast.com\/product\/yoast-seo-wordpress\/ -->\n<title>Supervision - Yves Gingras - UQAM<\/title>\n<meta name=\"robots\" content=\"index, follow, max-snippet:-1, max-image-preview:large, max-video-preview:-1\" \/>\n<link rel=\"canonical\" href=\"https:\/\/yvesgingras.uqam.ca\/en\/activities\/supervision\/\" \/>\n<meta property=\"og:locale\" content=\"en_US\" \/>\n<meta property=\"og:type\" content=\"article\" \/>\n<meta property=\"og:title\" content=\"Supervision - Yves Gingras - UQAM\" \/>\n<meta property=\"og:description\" content=\"Chercheurs postdoctoraux Alexandre Truc, \u00ab&nbsp;Analyser et quantifier l\u2019\u00e9volution de l\u2019interdisciplinarit\u00e9 et de la fragmentation en \u00e9conomie&nbsp;\u00bb, en codirection avec Fran\u00e7ois Claveau, 2020. Julien Larregue, \u00ab&nbsp;Les formes contemporaines du conflit entre sciences et religions&nbsp;\u00bb, Chaire de recherche du Canada en histoire et sociologie des sciences, Universit\u00e9 du Qu\u00e9bec \u00e0 Montr\u00e9al, 2017-2019. Olivier B\u00e9gin-Caouette, \u00ab&nbsp;La production de [&hellip;]\" \/>\n<meta property=\"og:url\" content=\"https:\/\/yvesgingras.uqam.ca\/en\/activities\/supervision\/\" \/>\n<meta property=\"og:site_name\" content=\"Yves Gingras\" \/>\n<meta property=\"article:modified_time\" content=\"2021-03-03T15:20:50+00:00\" \/>\n<meta name=\"twitter:card\" content=\"summary_large_image\" \/>\n<meta name=\"twitter:label1\" content=\"Est. reading time\" \/>\n\t<meta name=\"twitter:data1\" content=\"11 minutes\" \/>\n<script type=\"application\/ld+json\" class=\"yoast-schema-graph\">{\"@context\":\"https:\\\/\\\/schema.org\",\"@graph\":[{\"@type\":\"WebPage\",\"@id\":\"https:\\\/\\\/yvesgingras.uqam.ca\\\/en\\\/activities\\\/supervision\\\/\",\"url\":\"https:\\\/\\\/yvesgingras.uqam.ca\\\/en\\\/activities\\\/supervision\\\/\",\"name\":\"Supervision - Yves Gingras - UQAM\",\"isPartOf\":{\"@id\":\"https:\\\/\\\/yvesgingras.uqam.ca\\\/#website\"},\"datePublished\":\"2020-08-28T14:24:26+00:00\",\"dateModified\":\"2021-03-03T15:20:50+00:00\",\"breadcrumb\":{\"@id\":\"https:\\\/\\\/yvesgingras.uqam.ca\\\/en\\\/activities\\\/supervision\\\/#breadcrumb\"},\"inLanguage\":\"en-US\",\"potentialAction\":[{\"@type\":\"ReadAction\",\"target\":[\"https:\\\/\\\/yvesgingras.uqam.ca\\\/en\\\/activities\\\/supervision\\\/\"]}]},{\"@type\":\"BreadcrumbList\",\"@id\":\"https:\\\/\\\/yvesgingras.uqam.ca\\\/en\\\/activities\\\/supervision\\\/#breadcrumb\",\"itemListElement\":[{\"@type\":\"ListItem\",\"position\":1,\"name\":\"Accueil\",\"item\":\"https:\\\/\\\/yvesgingras.uqam.ca\\\/\"},{\"@type\":\"ListItem\",\"position\":2,\"name\":\"Activities\",\"item\":\"https:\\\/\\\/yvesgingras.uqam.ca\\\/en\\\/activities\\\/\"},{\"@type\":\"ListItem\",\"position\":3,\"name\":\"Supervision\"}]},{\"@type\":\"WebSite\",\"@id\":\"https:\\\/\\\/yvesgingras.uqam.ca\\\/#website\",\"url\":\"https:\\\/\\\/yvesgingras.uqam.ca\\\/\",\"name\":\"Yves Gingras\",\"description\":\"\",\"potentialAction\":[{\"@type\":\"SearchAction\",\"target\":{\"@type\":\"EntryPoint\",\"urlTemplate\":\"https:\\\/\\\/yvesgingras.uqam.ca\\\/?s={search_term_string}\"},\"query-input\":{\"@type\":\"PropertyValueSpecification\",\"valueRequired\":true,\"valueName\":\"search_term_string\"}}],\"inLanguage\":\"en-US\"}]}<\/script>\n<!-- \/ Yoast SEO plugin. -->","yoast_head_json":{"title":"Supervision - Yves Gingras - UQAM","robots":{"index":"index","follow":"follow","max-snippet":"max-snippet:-1","max-image-preview":"max-image-preview:large","max-video-preview":"max-video-preview:-1"},"canonical":"https:\/\/yvesgingras.uqam.ca\/en\/activities\/supervision\/","og_locale":"en_US","og_type":"article","og_title":"Supervision - Yves Gingras - UQAM","og_description":"Chercheurs postdoctoraux Alexandre Truc, \u00ab&nbsp;Analyser et quantifier l\u2019\u00e9volution de l\u2019interdisciplinarit\u00e9 et de la fragmentation en \u00e9conomie&nbsp;\u00bb, en codirection avec Fran\u00e7ois Claveau, 2020. Julien Larregue, \u00ab&nbsp;Les formes contemporaines du conflit entre sciences et religions&nbsp;\u00bb, Chaire de recherche du Canada en histoire et sociologie des sciences, Universit\u00e9 du Qu\u00e9bec \u00e0 Montr\u00e9al, 2017-2019. Olivier B\u00e9gin-Caouette, \u00ab&nbsp;La production de [&hellip;]","og_url":"https:\/\/yvesgingras.uqam.ca\/en\/activities\/supervision\/","og_site_name":"Yves Gingras","article_modified_time":"2021-03-03T15:20:50+00:00","twitter_card":"summary_large_image","twitter_misc":{"Est. reading time":"11 minutes"},"schema":{"@context":"https:\/\/schema.org","@graph":[{"@type":"WebPage","@id":"https:\/\/yvesgingras.uqam.ca\/en\/activities\/supervision\/","url":"https:\/\/yvesgingras.uqam.ca\/en\/activities\/supervision\/","name":"Supervision - Yves Gingras - UQAM","isPartOf":{"@id":"https:\/\/yvesgingras.uqam.ca\/#website"},"datePublished":"2020-08-28T14:24:26+00:00","dateModified":"2021-03-03T15:20:50+00:00","breadcrumb":{"@id":"https:\/\/yvesgingras.uqam.ca\/en\/activities\/supervision\/#breadcrumb"},"inLanguage":"en-US","potentialAction":[{"@type":"ReadAction","target":["https:\/\/yvesgingras.uqam.ca\/en\/activities\/supervision\/"]}]},{"@type":"BreadcrumbList","@id":"https:\/\/yvesgingras.uqam.ca\/en\/activities\/supervision\/#breadcrumb","itemListElement":[{"@type":"ListItem","position":1,"name":"Accueil","item":"https:\/\/yvesgingras.uqam.ca\/"},{"@type":"ListItem","position":2,"name":"Activities","item":"https:\/\/yvesgingras.uqam.ca\/en\/activities\/"},{"@type":"ListItem","position":3,"name":"Supervision"}]},{"@type":"WebSite","@id":"https:\/\/yvesgingras.uqam.ca\/#website","url":"https:\/\/yvesgingras.uqam.ca\/","name":"Yves Gingras","description":"","potentialAction":[{"@type":"SearchAction","target":{"@type":"EntryPoint","urlTemplate":"https:\/\/yvesgingras.uqam.ca\/?s={search_term_string}"},"query-input":{"@type":"PropertyValueSpecification","valueRequired":true,"valueName":"search_term_string"}}],"inLanguage":"en-US"}]}},"_links":{"self":[{"href":"https:\/\/yvesgingras.uqam.ca\/en\/wp-json\/wp\/v2\/pages\/4802","targetHints":{"allow":["GET"]}}],"collection":[{"href":"https:\/\/yvesgingras.uqam.ca\/en\/wp-json\/wp\/v2\/pages"}],"about":[{"href":"https:\/\/yvesgingras.uqam.ca\/en\/wp-json\/wp\/v2\/types\/page"}],"author":[{"embeddable":true,"href":"https:\/\/yvesgingras.uqam.ca\/en\/wp-json\/wp\/v2\/users\/596"}],"replies":[{"embeddable":true,"href":"https:\/\/yvesgingras.uqam.ca\/en\/wp-json\/wp\/v2\/comments?post=4802"}],"version-history":[{"count":2,"href":"https:\/\/yvesgingras.uqam.ca\/en\/wp-json\/wp\/v2\/pages\/4802\/revisions"}],"predecessor-version":[{"id":5191,"href":"https:\/\/yvesgingras.uqam.ca\/en\/wp-json\/wp\/v2\/pages\/4802\/revisions\/5191"}],"up":[{"embeddable":true,"href":"https:\/\/yvesgingras.uqam.ca\/en\/wp-json\/wp\/v2\/pages\/1195"}],"wp:attachment":[{"href":"https:\/\/yvesgingras.uqam.ca\/en\/wp-json\/wp\/v2\/media?parent=4802"}],"curies":[{"name":"wp","href":"https:\/\/api.w.org\/{rel}","templated":true}]}}